{"id":4,"date":"2025-09-12T12:45:07","date_gmt":"2025-09-12T12:45:07","guid":{"rendered":"https:\/\/esl.institute\/usacitizenship\/?page_id=4"},"modified":"2025-09-12T12:45:08","modified_gmt":"2025-09-12T12:45:08","slug":"spanish","status":"publish","type":"page","link":"https:\/\/esl.institute\/usacitizenship\/spanish\/","title":{"rendered":"Spanish"},"content":{"rendered":"\n<p><\/p>\n\n\n\n<p><\/p>\n\n\n\n<p><\/p>\n\n\n\n<h1 class=\"wp-block-heading\">100 Civics Questions and Answers with MP3 Audio (Spanish version)<\/h1>\n\n\n\n<h2 class=\"wp-block-heading\">Preguntas de educaci\u00f3n c\u00edvica del Examen de Naturalizaci\u00f3n<\/h2>\n\n\n\n<p>A continuaci\u00f3n encontrar\u00e1 100 preguntas y respuestas de educaci\u00f3n c\u00edvica (historia y gobierno de EE.UU.) del examen de naturalizaci\u00f3n. El examen de educaci\u00f3n c\u00edvica es un examen oral durante el cual el oficial de USCIS le har\u00e1 10 de estas 100 preguntas. El solicitante debe contestar correctamente 6 de las 10 preguntas para aprobar la secci\u00f3n de educaci\u00f3n c\u00edvica del examen de naturalizaci\u00f3n.<\/p>\n\n\n\n<p>En el examen de naturalizaci\u00f3n, algunas respuestas var\u00edan y pueden cambiar por motivo de elecciones o nombramientos. Los solicitantes deben tener conocimiento de las respuestas actuales a estas preguntas. Los solicitantes deben contestar estas preguntas con el nombre del oficial o funcionario que sirve en el puesto al momento de su entrevista con USCIS. El oficial de USCIS no aceptar\u00e1 una respuesta equivocada.<\/p>\n\n\n\n<p><strong>Aunque USCIS reconoce que podr\u00eda haber otras respuestas correctas a las 100 preguntas sobre educaci\u00f3n c\u00edvica, &nbsp;recomendamos al solicitante responder usando las respuestas que se proveen aqu\u00ed.<\/strong><\/p>\n\n\n\n<p>Si usted tiene 65 a\u00f1os o m\u00e1s y ha sido residente permanente legal de los Estados Unidos por 20 a\u00f1os o m\u00e1s, usted s\u00f3lo necesita estudiar las preguntas marcadas con un asterisco (*).<\/p>\n\n\n\n<ul class=\"wp-block-list\">\n<li><a href=\"https:\/\/www.uscis.gov\/sites\/default\/files\/document\/audio\/ESP_ALL_100.mp3\">Escuche el audio MP3 de todas las preguntas y respuestas<\/a><\/li>\n<\/ul>\n\n\n\n<p><strong>GOBIERNO ESTADOUNIDENSE<\/strong><\/p>\n\n\n\n<p><strong>A: Principios de la democracia estadounidense<\/strong><\/p>\n\n\n\n<p><strong>1. \u00bfCu\u00e1l es la ley suprema de la naci\u00f3n?&nbsp;<\/strong><a href=\"https:\/\/www.uscis.gov\/sites\/default\/files\/document\/audio\/Question_01_Spanish.mp3\">Pregunta 1 Audio<\/a><\/p>\n\n\n\n<ul class=\"wp-block-list\">\n<li>la Constituci\u00f3n<\/li>\n<\/ul>\n\n\n\n<p><strong>2. \u00bfQu\u00e9 hace la Constituci\u00f3n?<\/strong>&nbsp;<a href=\"https:\/\/www.uscis.gov\/sites\/default\/files\/document\/audio\/Question_02_Spanish.mp3\">Pregunta 2 Audio<\/a><\/p>\n\n\n\n<ul class=\"wp-block-list\">\n<li>establece el gobierno<\/li>\n\n\n\n<li>define el gobierno<\/li>\n\n\n\n<li>protege los derechos b\u00e1sicos de los ciudadanos estadounidenses<\/li>\n<\/ul>\n\n\n\n<p><strong>3. Las primeras tres palabras de la Constituci\u00f3n contienen la idea del autogobierno (de que el pueblo se gobierna a s\u00ed mismo). \u00bfCu\u00e1les son estas palabras?&nbsp;<\/strong><a href=\"https:\/\/www.uscis.gov\/sites\/default\/files\/document\/audio\/Question_03_Spanish.mp3\">Pregunta&nbsp;3 Audio<\/a><\/p>\n\n\n\n<ul class=\"wp-block-list\">\n<li>Nosotros, el pueblo<\/li>\n<\/ul>\n\n\n\n<p><strong>4. \u00bfQu\u00e9 es una enmienda?<\/strong>&nbsp;<a href=\"https:\/\/www.uscis.gov\/sites\/default\/files\/document\/audio\/Question_04_Spanish.mp3\">Pregunta&nbsp;4 Audio<\/a><\/p>\n\n\n\n<ul class=\"wp-block-list\">\n<li>un cambio (a la Constituci\u00f3n)<\/li>\n\n\n\n<li>una adici\u00f3n (a la Constituci\u00f3n)<\/li>\n<\/ul>\n\n\n\n<p><strong>5. \u00bfCon qu\u00e9 nombre se conocen las primeras diez enmiendas a la Constituci\u00f3n?<\/strong>&nbsp;<a href=\"https:\/\/www.uscis.gov\/sites\/default\/files\/document\/audio\/Question_05_Spanish.mp3\">Pregunta&nbsp;5 Audio<\/a><\/p>\n\n\n\n<ul class=\"wp-block-list\">\n<li>la Carta de Derechos<\/li>\n<\/ul>\n\n\n\n<p><strong>6. \u00bfCu\u00e1l es&nbsp;<u>un<\/u>&nbsp;derecho o libertad que la Primera Enmienda garantiza?*<\/strong>&nbsp;<a href=\"https:\/\/www.uscis.gov\/sites\/default\/files\/document\/audio\/Question_06_Spanish.mp3\">Pregunta&nbsp;6 Audio<\/a><\/p>\n\n\n\n<ul class=\"wp-block-list\">\n<li>expresi\u00f3n<\/li>\n\n\n\n<li>religi\u00f3n<\/li>\n\n\n\n<li>reuni\u00f3n<\/li>\n\n\n\n<li>prensa<\/li>\n\n\n\n<li>peticionar al gobierno<\/li>\n<\/ul>\n\n\n\n<p><strong>7. \u00bfCu\u00e1ntas enmiendas tiene la Constituci\u00f3n?<\/strong>&nbsp;<a href=\"https:\/\/www.uscis.gov\/sites\/default\/files\/document\/audio\/Question_07_Spanish.mp3\">Pregunta&nbsp;7 Audio<\/a><\/p>\n\n\n\n<ul class=\"wp-block-list\">\n<li>veintisiete (27)<\/li>\n<\/ul>\n\n\n\n<p><strong>8. \u00bfQu\u00e9 hizo la Declaraci\u00f3n de Independencia?<\/strong>&nbsp;<a href=\"https:\/\/www.uscis.gov\/sites\/default\/files\/document\/audio\/Question_08_Spanish.mp3\">Pregunta&nbsp;8 Audio<\/a><\/p>\n\n\n\n<ul class=\"wp-block-list\">\n<li>anunci\u00f3 nuestra independencia (de Gran Breta\u00f1a)<\/li>\n\n\n\n<li>declar\u00f3 nuestra independencia (de Gran Breta\u00f1a)<\/li>\n\n\n\n<li>dijo que los Estados Unidos se independiz\u00f3 (de Gran Breta\u00f1a)<\/li>\n<\/ul>\n\n\n\n<p><strong>9. \u00bfCu\u00e1les son&nbsp;<u>dos<\/u>&nbsp;derechos en la Declaraci\u00f3n de la Independencia?<\/strong>&nbsp;<a href=\"https:\/\/www.uscis.gov\/sites\/default\/files\/document\/audio\/Question_09_Spanish.mp3\">Pregunta&nbsp;9 Audio<\/a><\/p>\n\n\n\n<ul class=\"wp-block-list\">\n<li>la vida<\/li>\n\n\n\n<li>la libertad<\/li>\n\n\n\n<li>la b\u00fasqueda de la felicidad<\/li>\n<\/ul>\n\n\n\n<p><strong>10. \u00bfEn qu\u00e9 consiste la libertad de religi\u00f3n?<\/strong>&nbsp;<a href=\"https:\/\/www.uscis.gov\/sites\/default\/files\/document\/audio\/Question_10_Spanish.mp3\">Pregunta&nbsp;10 Audio<\/a><\/p>\n\n\n\n<ul class=\"wp-block-list\">\n<li>Se puede practicar cualquier religi\u00f3n o no practicar ninguna.<\/li>\n<\/ul>\n\n\n\n<p><strong>11. \u00bfCu\u00e1l es el sistema econ\u00f3mico de los Estados Unidos?*<\/strong>&nbsp;<a href=\"https:\/\/www.uscis.gov\/sites\/default\/files\/document\/audio\/Question_11_Spanish.mp3\">Pregunta&nbsp;11 Audio<\/a><\/p>\n\n\n\n<ul class=\"wp-block-list\">\n<li>econom\u00eda capitalista<\/li>\n\n\n\n<li>econom\u00eda de mercado<\/li>\n<\/ul>\n\n\n\n<p><strong>12. \u00bfEn qu\u00e9 consiste el \u201cestado de derecho\u201d (ley y orden)?<\/strong>&nbsp;&nbsp;<a href=\"https:\/\/www.uscis.gov\/sites\/default\/files\/document\/audio\/Question_12_Spanish.mp3\">Pregunta&nbsp;12 Audio<\/a><\/p>\n\n\n\n<ul class=\"wp-block-list\">\n<li>Todos deben obedecer la ley<\/li>\n\n\n\n<li>Los l\u00edderes deben obedecer la ley<\/li>\n\n\n\n<li>El gobierno debe obedecer la ley<\/li>\n\n\n\n<li>Nadie est\u00e1 por encima de la ley<\/li>\n<\/ul>\n\n\n\n<p><strong>B: Sistema de gobierno<\/strong><\/p>\n\n\n\n<p><strong>13. Nombre&nbsp;<u>una<\/u>&nbsp;rama o parte del gobierno.*<\/strong>&nbsp;<a href=\"https:\/\/www.uscis.gov\/sites\/default\/files\/document\/audio\/Question_13_Spanish.mp3\">Pregunta&nbsp;13 Audio<\/a><\/p>\n\n\n\n<ul class=\"wp-block-list\">\n<li>Congreso<\/li>\n\n\n\n<li>Poder legislativo<\/li>\n\n\n\n<li>Presidente<\/li>\n\n\n\n<li>Poder ejecutivo<\/li>\n\n\n\n<li>Los tribunales<\/li>\n\n\n\n<li>Poder judicial<\/li>\n<\/ul>\n\n\n\n<p><strong>14. \u00bfQu\u00e9 es lo que evita que&nbsp;<u>una<\/u>&nbsp;rama del gobierno se vuelva demasiado poderosa?<\/strong>&nbsp;<a href=\"https:\/\/www.uscis.gov\/sites\/default\/files\/document\/audio\/Question_14_Spanish.mp3\">Pregunta&nbsp;14 Audio<\/a><\/p>\n\n\n\n<ul class=\"wp-block-list\">\n<li>pesos y contrapesos<\/li>\n\n\n\n<li>separaci\u00f3n de poderes<\/li>\n<\/ul>\n\n\n\n<p><strong>15. \u00bfQui\u00e9n est\u00e1 a cargo de la rama ejecutiva?<\/strong>&nbsp;<a href=\"https:\/\/www.uscis.gov\/sites\/default\/files\/document\/audio\/Question_15_Spanish.mp3\">Pregunta&nbsp;15 Audio<\/a><\/p>\n\n\n\n<ul class=\"wp-block-list\">\n<li>el Presidente<\/li>\n<\/ul>\n\n\n\n<p><strong>16. \u00bfQui\u00e9n crea las leyes federales?<\/strong>&nbsp;<a href=\"https:\/\/www.uscis.gov\/sites\/default\/files\/document\/audio\/Question_16_Spanish.mp3\">Pregunta&nbsp;16 Audio<\/a><\/p>\n\n\n\n<ul class=\"wp-block-list\">\n<li>el Congreso<\/li>\n\n\n\n<li>el Senado y la C\u00e1mara (de Representantes)<\/li>\n\n\n\n<li>la legislatura (nacional o de los Estados Unidos)<\/li>\n<\/ul>\n\n\n\n<p><strong>17. \u00bfCu\u00e1les son las&nbsp;<u>dos<\/u>&nbsp;partes que integran el Congreso de los Estados Unidos?*<\/strong>&nbsp;<a href=\"https:\/\/www.uscis.gov\/sites\/default\/files\/document\/audio\/Question_17_Spanish.mp3\">Pregunta&nbsp;17 Audio<\/a><\/p>\n\n\n\n<ul class=\"wp-block-list\">\n<li>el Senado y la C\u00e1mara (de Representantes)<\/li>\n<\/ul>\n\n\n\n<p><strong>18. \u00bfCu\u00e1ntos senadores de los Estados Unidos hay?<\/strong>&nbsp;<a href=\"https:\/\/www.uscis.gov\/sites\/default\/files\/document\/audio\/Question_18_Spanish.mp3\">Pregunta&nbsp;18 Audio<\/a><\/p>\n\n\n\n<ul class=\"wp-block-list\">\n<li>cien (100)<\/li>\n<\/ul>\n\n\n\n<p><strong>19. \u00bfDe cu\u00e1ntos a\u00f1os es el t\u00e9rmino de elecci\u00f3n de un senador de los Estados Unidos?<\/strong>&nbsp;<a href=\"https:\/\/www.uscis.gov\/sites\/default\/files\/document\/audio\/Question_19_Spanish.mp3\">Pregunta&nbsp;19 Audio<\/a><\/p>\n\n\n\n<ul class=\"wp-block-list\">\n<li>seis (6)<\/li>\n<\/ul>\n\n\n\n<p><strong>20. Nombre a&nbsp;<u>uno<\/u>&nbsp;de los senadores actuales del estado donde usted vive.*<\/strong>&nbsp;<a href=\"https:\/\/www.uscis.gov\/sites\/default\/files\/document\/audio\/Question_20_Spanish.mp3\">Pregunta&nbsp;20 Audio<\/a><\/p>\n\n\n\n<ul class=\"wp-block-list\">\n<li>Las respuestas variar\u00e1n. [Los residentes del Distrito de Columbia y los territorios de los Estados Unidos deber\u00e1n contestar que D.C. (o territorio en donde vive el solicitante) no cuenta con senadores a nivel nacional].<\/li>\n<\/ul>\n\n\n\n<p><strong>21. \u00bfCu\u00e1ntos miembros votantes tiene la C\u00e1mara de Representantes?<\/strong>&nbsp;<a href=\"https:\/\/www.uscis.gov\/sites\/default\/files\/document\/audio\/Question_21_Spanish.mp3\">Pregunta&nbsp;21 Audio<\/a><\/p>\n\n\n\n<ul class=\"wp-block-list\">\n<li>cuatrocientos treinta y cinco (435)<\/li>\n<\/ul>\n\n\n\n<p><strong>22. \u00bfDe cu\u00e1ntos a\u00f1os es el t\u00e9rmino de elecci\u00f3n de un representante de los Estados Unidos?<\/strong>&nbsp;<a href=\"https:\/\/www.uscis.gov\/sites\/default\/files\/document\/audio\/Question_22_Spanish.mp3\">Pregunta&nbsp;22 Audio<\/a><\/p>\n\n\n\n<ul class=\"wp-block-list\">\n<li>dos (2)<\/li>\n<\/ul>\n\n\n\n<p><strong>23. D\u00e9 el nombre de su representante a nivel nacional.<\/strong>&nbsp;<a href=\"https:\/\/www.uscis.gov\/sites\/default\/files\/document\/audio\/Question_23_Spanish.mp3\">Pregunta&nbsp;23 Audio<\/a><\/p>\n\n\n\n<ul class=\"wp-block-list\">\n<li>Las respuestas variar\u00e1n. [Los residentes de territorios con delegados no votantes o los comisionados residentes pueden decir el nombre de dicho delegado o comisionado. Una respuesta que indica que el \u00a0territorio no tiene representantes votantes en el Congreso tambi\u00e9n es aceptable].<\/li>\n<\/ul>\n\n\n\n<p><strong>24. \u00bfA qui\u00e9nes representa un senador de los Estados Unidos?<\/strong>&nbsp;<a href=\"https:\/\/www.uscis.gov\/sites\/default\/files\/document\/audio\/Question_24_Spanish.mp3\">Pregunta&nbsp;24 Audio<\/a><\/p>\n\n\n\n<ul class=\"wp-block-list\">\n<li>a todas las personas del estado<\/li>\n<\/ul>\n\n\n\n<p><strong>25. \u00bfPor qu\u00e9 tienen algunos estados m\u00e1s representantes que otros?<\/strong>&nbsp;<a href=\"https:\/\/www.uscis.gov\/sites\/default\/files\/document\/audio\/Question_25_Spanish.mp3\">Pregunta&nbsp;25 Audio<\/a><\/p>\n\n\n\n<ul class=\"wp-block-list\">\n<li>(debido a) la poblaci\u00f3n del estado<\/li>\n\n\n\n<li>(debido a que) tienen m\u00e1s gente<\/li>\n\n\n\n<li>(debido a que) algunos estados tienen m\u00e1s gente<\/li>\n<\/ul>\n\n\n\n<p><strong>26. \u00bfDe cu\u00e1ntos a\u00f1os es el t\u00e9rmino de elecci\u00f3n de un presidente?<\/strong>&nbsp;<a href=\"https:\/\/www.uscis.gov\/sites\/default\/files\/document\/audio\/Question_26_Spanish.mp3\">Pregunta&nbsp;26 Audio<\/a><\/p>\n\n\n\n<ul class=\"wp-block-list\">\n<li>cuatro (4)<\/li>\n<\/ul>\n\n\n\n<p><strong>27. \u00bfEn qu\u00e9 mes votamos por un nuevo presidente?*<\/strong>&nbsp;<a href=\"https:\/\/www.uscis.gov\/sites\/default\/files\/document\/audio\/Question_27_Spanish.mp3\">Pregunta&nbsp;27 Audio<\/a><\/p>\n\n\n\n<ul class=\"wp-block-list\">\n<li>noviembre<\/li>\n<\/ul>\n\n\n\n<p><strong>28. \u00bfC\u00f3mo se llama el actual Presidente de los Estados Unidos?*<\/strong>&nbsp;<a href=\"https:\/\/www.uscis.gov\/sites\/default\/files\/document\/audio\/Question_28_Spanish.mp3\">Pregunta&nbsp;28 Audio<\/a><\/p>\n\n\n\n<ul class=\"wp-block-list\">\n<li>Visite\u00a0<a href=\"https:\/\/www.uscis.gov\/citizenship\/find-study-materials-and-resources\/check-for-test-updates\">uscis.gov\/es\/ciudadania\/actualizacionesalexamen<\/a>\u00a0para saber el nombre del Presidente de Estados Unidos.<\/li>\n<\/ul>\n\n\n\n<p><strong>29. \u00bfC\u00f3mo se llama el actual Vicepresidente de los Estados Unidos?<\/strong>&nbsp;<a href=\"https:\/\/www.uscis.gov\/sites\/default\/files\/document\/audio\/Question_29_Spanish.mp3\">Pregunta&nbsp;29 Audio<\/a><\/p>\n\n\n\n<ul class=\"wp-block-list\">\n<li>Visite\u00a0<a href=\"https:\/\/www.uscis.gov\/citizenship\/find-study-materials-and-resources\/check-for-test-updates\">uscis.gov\/es\/ciudadania\/actualizacionesalexamen<\/a>\u00a0para saber el nombre del Vice Presidente de Estados Unidos.<\/li>\n<\/ul>\n\n\n\n<p><strong>30. Si el Presidente ya no puede cumplir sus funciones, \u00bfqui\u00e9n se convierte en Presidente?<\/strong>&nbsp;<a href=\"https:\/\/www.uscis.gov\/sites\/default\/files\/document\/audio\/Question_30_Spanish.mp3\">Pregunta&nbsp;30 Audio<\/a><\/p>\n\n\n\n<ul class=\"wp-block-list\">\n<li>el Vicepresidente<\/li>\n<\/ul>\n\n\n\n<p><strong>31. Si tanto el Presidente como el Vicepresidente ya no pueden cumplir sus funciones, \u00bfqui\u00e9n se convierte en Presidente?<\/strong>&nbsp;<a href=\"https:\/\/www.uscis.gov\/sites\/default\/files\/document\/audio\/Question_31_Spanish.mp3\">Pregunta&nbsp;31 Audio<\/a><\/p>\n\n\n\n<ul class=\"wp-block-list\">\n<li>el Presidente de la C\u00e1mara de Representantes<\/li>\n<\/ul>\n\n\n\n<p><strong>32. \u00bfQui\u00e9n es el Comandante en Jefe de las Fuerzas Armadas?<\/strong>&nbsp;<a href=\"https:\/\/www.uscis.gov\/sites\/default\/files\/document\/audio\/Question_32_Spanish.mp3\">Pregunta&nbsp;32 Audio<\/a><\/p>\n\n\n\n<ul class=\"wp-block-list\">\n<li>el Presidente<\/li>\n<\/ul>\n\n\n\n<p><strong>33. \u00bfQui\u00e9n firma los proyectos de ley para convertirlos en ley?<\/strong>&nbsp;<a href=\"https:\/\/www.uscis.gov\/sites\/default\/files\/document\/audio\/Question_33_Spanish.mp3\">Pregunta&nbsp;33 Audio<\/a><\/p>\n\n\n\n<ul class=\"wp-block-list\">\n<li>el Presidente<\/li>\n<\/ul>\n\n\n\n<p><strong>34. \u00bfQui\u00e9n veta los proyectos de ley?<\/strong>&nbsp;<a href=\"https:\/\/www.uscis.gov\/sites\/default\/files\/document\/audio\/Question_34_Spanish.mp3\">Pregunta&nbsp;34 Audio<\/a><\/p>\n\n\n\n<ul class=\"wp-block-list\">\n<li>el Presidente<\/li>\n<\/ul>\n\n\n\n<p><strong>35. \u00bfQu\u00e9 hace el Gabinete del Presidente?<\/strong>&nbsp;<a href=\"https:\/\/www.uscis.gov\/sites\/default\/files\/document\/audio\/Question_35_Spanish.mp3\">Pregunta&nbsp;35 Audio<\/a><\/p>\n\n\n\n<ul class=\"wp-block-list\">\n<li>asesora al Presidente<\/li>\n<\/ul>\n\n\n\n<p><strong>36. \u00bfCu\u00e1les son&nbsp;<u>dos<\/u>&nbsp;puestos a nivel de gabinete?<\/strong>&nbsp;<a href=\"https:\/\/www.uscis.gov\/sites\/default\/files\/document\/audio\/Question_36_Spanish.mp3\">Pregunta&nbsp;36 Audio<\/a><\/p>\n\n\n\n<ul class=\"wp-block-list\">\n<li>Secretario de Agricultura<\/li>\n\n\n\n<li>Secretario de Comercio<\/li>\n\n\n\n<li>Secretario de Defensa<\/li>\n\n\n\n<li>Secretario de Educaci\u00f3n<\/li>\n\n\n\n<li>Secretario de Energ\u00eda<\/li>\n\n\n\n<li>Secretario de Salud y Servicios Humanos<\/li>\n\n\n\n<li>Secretario de Seguridad Nacional<\/li>\n\n\n\n<li>Secretario de Vivienda y Desarrollo Urbano<\/li>\n\n\n\n<li>Secretario del Interior<\/li>\n\n\n\n<li>Secretario del Trabajo<\/li>\n\n\n\n<li>Secretario de Estado<\/li>\n\n\n\n<li>Secretario de Transporte<\/li>\n\n\n\n<li>Secretario del Tesoro<\/li>\n\n\n\n<li>Secretario de Asuntos de los Veteranos<\/li>\n\n\n\n<li>Procurador General<\/li>\n\n\n\n<li>Vicepresidente<\/li>\n<\/ul>\n\n\n\n<p><strong>37. \u00bfQu\u00e9 hace la rama judicial?<\/strong>&nbsp;<a href=\"https:\/\/www.uscis.gov\/sites\/default\/files\/document\/audio\/Question_37_Spanish.mp3\">Pregunta&nbsp;37 Audio<\/a><\/p>\n\n\n\n<ul class=\"wp-block-list\">\n<li>revisa las leyes<\/li>\n\n\n\n<li>explica las leyes<\/li>\n\n\n\n<li>resuelve disputas (desacuerdos)<\/li>\n\n\n\n<li>decide si una ley va en contra de la Constituci\u00f3n<\/li>\n<\/ul>\n\n\n\n<p><strong>38. \u00bfCu\u00e1l es el tribunal m\u00e1s alto de los Estados Unidos?<\/strong>&nbsp;<a href=\"https:\/\/www.uscis.gov\/sites\/default\/files\/document\/audio\/Question_38_Spanish.mp3\">Pregunta&nbsp;38 Audio<\/a><\/p>\n\n\n\n<ul class=\"wp-block-list\">\n<li>la Corte Suprema<\/li>\n<\/ul>\n\n\n\n<p><strong>39. \u00bfCu\u00e1ntos jueces hay en la Corte Suprema?<\/strong>&nbsp;<a href=\"https:\/\/www.uscis.gov\/sites\/default\/files\/document\/audio\/Question_39_Spanish.mp3\">Pregunta&nbsp;39 Audio<\/a><\/p>\n\n\n\n<ul class=\"wp-block-list\">\n<li>Visite\u00a0<a href=\"https:\/\/www.uscis.gov\/citizenship\/find-study-materials-and-resources\/check-for-test-updates\">uscis.gov\/es\/ciudadania\/actualizacionesalexamen<\/a>\u00a0para saber el n\u00famero de jueces en la Corte Suprema.<\/li>\n<\/ul>\n\n\n\n<p><strong>40. \u00bfQui\u00e9n es el presidente actual de la Corte Suprema de los Estados Unidos?<\/strong>&nbsp;<a href=\"https:\/\/www.uscis.gov\/sites\/default\/files\/document\/audio\/Question_40_Spanish.mp3\">Pregunta&nbsp;40 Audio<\/a><\/p>\n\n\n\n<ul class=\"wp-block-list\">\n<li>Visite\u00a0<a href=\"https:\/\/www.uscis.gov\/citizenship\/find-study-materials-and-resources\/check-for-test-updates\">uscis.gov\/es\/ciudadania\/actualizacionesalexamen<\/a>\u00a0para saber el nombre del Presidente del Tribunal Supremo de Estados Unidos.<\/li>\n<\/ul>\n\n\n\n<p><strong>41. De acuerdo a nuestra Constituci\u00f3n, algunos poderes pertenecen al gobierno federal. \u00bfCu\u00e1l es&nbsp;<u>un<\/u>&nbsp;poder del gobierno federal?<\/strong>&nbsp;<a href=\"https:\/\/www.uscis.gov\/sites\/default\/files\/document\/audio\/Question_41_Spanish.mp3\">Pregunta&nbsp;41 Audio<\/a><\/p>\n\n\n\n<ul class=\"wp-block-list\">\n<li>imprimir dinero<\/li>\n\n\n\n<li>declarar la guerra<\/li>\n\n\n\n<li>crear un ej\u00e9rcito<\/li>\n\n\n\n<li>suscribir tratados<\/li>\n<\/ul>\n\n\n\n<p><strong>42. De acuerdo a nuestra Constituci\u00f3n, algunos poderes pertenecen a los estados. \u00bfCu\u00e1l es&nbsp;<u>un<\/u>&nbsp;poder de los estados?<\/strong>&nbsp;<a href=\"https:\/\/www.uscis.gov\/sites\/default\/files\/document\/audio\/Question_42_Spanish.mp3\">Pregunta&nbsp;42 Audio<\/a><\/p>\n\n\n\n<ul class=\"wp-block-list\">\n<li>proveer escuelas y educaci\u00f3n<\/li>\n\n\n\n<li>proveer protecci\u00f3n (polic\u00eda)<\/li>\n\n\n\n<li>proveer seguridad (cuerpos de bomberos)<\/li>\n\n\n\n<li>conceder licencias de conducir<\/li>\n\n\n\n<li>aprobar la zonificaci\u00f3n y uso de la tierra<\/li>\n<\/ul>\n\n\n\n<p><strong>43. \u00bfQui\u00e9n es el gobernador actual de su estado?<\/strong>&nbsp;<a href=\"https:\/\/www.uscis.gov\/sites\/default\/files\/document\/audio\/Question_43_Spanish.mp3\">Pregunta&nbsp;43 Audio<\/a><\/p>\n\n\n\n<ul class=\"wp-block-list\">\n<li>Las respuestas variar\u00e1n. [Los residentes del Distrito de Columbia deben decir \u201cno tenemos gobernador\u201d].<\/li>\n<\/ul>\n\n\n\n<p><strong>44. \u00bfCu\u00e1l es la capital de su estado?*<\/strong>&nbsp;<a href=\"https:\/\/www.uscis.gov\/sites\/default\/files\/document\/audio\/Question_44_Spanish.mp3\">Pregunta&nbsp;44 Audio<\/a><\/p>\n\n\n\n<ul class=\"wp-block-list\">\n<li>Las respuestas variar\u00e1n. [Los residentes del Distrito de Columbia deben contestar que el D.C. no es estado y que no tiene capital. Los residentes de los territorios de los Estados Unidos deben dar el nombre de la capital del territorio].<\/li>\n<\/ul>\n\n\n\n<p><strong>45. \u00bfCu\u00e1les son los&nbsp;<u>dos<\/u>&nbsp;principales partidos pol\u00edticos de los Estados Unidos?*<\/strong>&nbsp;<a href=\"https:\/\/www.uscis.gov\/sites\/default\/files\/document\/audio\/Question_45_Spanish.mp3\">Pregunta&nbsp;45 Audio<\/a><\/p>\n\n\n\n<ul class=\"wp-block-list\">\n<li>Dem\u00f3crata y Republicano<\/li>\n<\/ul>\n\n\n\n<p><strong>46. \u00bfCu\u00e1l es el partido pol\u00edtico del Presidente actual?<\/strong>&nbsp;<a href=\"https:\/\/www.uscis.gov\/sites\/default\/files\/document\/audio\/Question_46_Spanish.mp3\">Pregunta&nbsp;46 Audio<\/a><\/p>\n\n\n\n<ul class=\"wp-block-list\">\n<li>Visite\u00a0<a href=\"https:\/\/www.uscis.gov\/citizenship\/find-study-materials-and-resources\/check-for-test-updates\">uscis.gov\/es\/ciudadania\/actualizacionesalexamen<\/a>\u00a0para saber el partido pol\u00edtico al que pertenece el Presidente de Estados Unidos.<\/li>\n<\/ul>\n\n\n\n<p><strong>47. \u00bfC\u00f3mo se llama el Presidente actual de la C\u00e1mara de Representantes?<\/strong>&nbsp;<a href=\"https:\/\/www.uscis.gov\/sites\/default\/files\/document\/audio\/Question_47_Spanish.mp3\">Pregunta&nbsp;47 Audio<\/a><\/p>\n\n\n\n<ul class=\"wp-block-list\">\n<li>Visite\u00a0<a href=\"https:\/\/www.uscis.gov\/citizenship\/find-study-materials-and-resources\/check-for-test-updates\">uscis.gov\/es\/ciudadania\/actualizacionesalexamen<\/a>\u00a0para saber el nombre del Portavoz de la C\u00e1mara de Representantes.<\/li>\n<\/ul>\n\n\n\n<p><strong>C: Derechos y responsabilidades<\/strong><\/p>\n\n\n\n<p><strong>48. Existen cuatro enmiendas a la Constituci\u00f3n sobre qui\u00e9n puede votar. Describa&nbsp;<u>una<\/u>&nbsp;de ellas.<\/strong>&nbsp;<a href=\"https:\/\/www.uscis.gov\/sites\/default\/files\/document\/audio\/Question_48_Spanish.mp3\">Pregunta&nbsp;48 Audio<\/a><\/p>\n\n\n\n<ul class=\"wp-block-list\">\n<li>Ciudadanos de dieciocho (18) a\u00f1os en adelante (pueden votar).<\/li>\n\n\n\n<li>No se exige pagar un impuesto para votar (el impuesto para acudir a las urnas o \u201cpoll tax\u201d en ingl\u00e9s).<\/li>\n\n\n\n<li>Cualquier ciudadano puede votar. (Tanto mujeres como hombres pueden votar).\u00a0<\/li>\n\n\n\n<li>Un hombre ciudadano de cualquier raza (puede votar).<\/li>\n<\/ul>\n\n\n\n<p><strong>49. \u00bfCu\u00e1l es&nbsp;<u>una<\/u>&nbsp;responsabilidad que corresponde s\u00f3lo a los ciudadanos de los Estados Unidos?*<\/strong>&nbsp;<a href=\"https:\/\/www.uscis.gov\/sites\/default\/files\/document\/audio\/Question_49_Spanish.mp3\">Pregunta&nbsp;49 Audio<\/a><\/p>\n\n\n\n<ul class=\"wp-block-list\">\n<li>prestar servicio en un jurado<\/li>\n\n\n\n<li>votar en una elecci\u00f3n federal<\/li>\n<\/ul>\n\n\n\n<p><strong>50. \u00bfCu\u00e1l es&nbsp;<u>un<\/u>&nbsp;derecho que pueden ejercer s\u00f3lo los ciudadanos de los Estados Unidos?<\/strong>&nbsp;<a href=\"https:\/\/www.uscis.gov\/sites\/default\/files\/document\/audio\/Question_50_Spanish.mp3\">Pregunta&nbsp;50 Audio<\/a><\/p>\n\n\n\n<ul class=\"wp-block-list\">\n<li>votar en una elecci\u00f3n federal<\/li>\n\n\n\n<li>postularse a un cargo pol\u00edtico federal<\/li>\n<\/ul>\n\n\n\n<p><strong>51. \u00bfCu\u00e1les son&nbsp;<u>dos<\/u>&nbsp;derechos que pueden ejercer todas las personas que viven en los Estados Unidos?<\/strong>&nbsp;<a href=\"https:\/\/www.uscis.gov\/sites\/default\/files\/document\/audio\/Question_51_Spanish.mp3\">Pregunta&nbsp;51 Audio<\/a><\/p>\n\n\n\n<ul class=\"wp-block-list\">\n<li>libertad de expresi\u00f3n<\/li>\n\n\n\n<li>libertad de la palabra<\/li>\n\n\n\n<li>libertad de reuni\u00f3n<\/li>\n\n\n\n<li>libertad para peticionar al gobierno<\/li>\n\n\n\n<li>libertad de religi\u00f3n<\/li>\n\n\n\n<li>derecho a portar armas<\/li>\n<\/ul>\n\n\n\n<p><strong>52. \u00bfA qu\u00e9 demostramos nuestra lealtad cuando decimos el Juramento de Lealtad (Pledge of Allegiance)?<\/strong>&nbsp;<a href=\"https:\/\/www.uscis.gov\/sites\/default\/files\/document\/audio\/Question_52_Spanish.mp3\">Pregunta&nbsp;52 Audio<\/a><\/p>\n\n\n\n<ul class=\"wp-block-list\">\n<li>a los Estados Unidos<\/li>\n\n\n\n<li>a la bandera<\/li>\n<\/ul>\n\n\n\n<p><strong>53. \u00bfCu\u00e1l es&nbsp;<u>una<\/u>&nbsp;promesa que usted hace cuando se convierte en ciudadano de los Estados Unidos?<\/strong>&nbsp;<a href=\"https:\/\/www.uscis.gov\/sites\/default\/files\/document\/audio\/Question_53_Spanish.mp3\">Pregunta&nbsp;53 Audio<\/a><\/p>\n\n\n\n<ul class=\"wp-block-list\">\n<li>renunciar a la lealtad a otros pa\u00edses<\/li>\n\n\n\n<li>defender la Constituci\u00f3n y las leyes de los Estados Unidos<\/li>\n\n\n\n<li>obedecer las leyes de los Estados Unidos<\/li>\n\n\n\n<li>prestar servicio en las Fuerzas Armadas de los Estados Unidos (de ser necesario)<\/li>\n\n\n\n<li>prestar servicio a (realizar trabajo importante para) la naci\u00f3n (de ser necesario)<\/li>\n\n\n\n<li>ser leal a los Estados Unidos<\/li>\n<\/ul>\n\n\n\n<p><strong>54. \u00bfCu\u00e1ntos a\u00f1os tienen que tener los ciudadanos para votar por el Presidente?*<\/strong>&nbsp;<a href=\"https:\/\/www.uscis.gov\/sites\/default\/files\/document\/audio\/Question_54_Spanish.mp3\">Pregunta&nbsp;54 Audio<\/a><\/p>\n\n\n\n<ul class=\"wp-block-list\">\n<li>dieciocho (18) a\u00f1os en adelante<\/li>\n<\/ul>\n\n\n\n<p><strong>55. \u00bfCu\u00e1les son&nbsp;<u>dos<\/u>&nbsp;maneras mediante las cuales los ciudadanos americanos pueden participar en su democracia?<\/strong>&nbsp;<a href=\"https:\/\/www.uscis.gov\/sites\/default\/files\/document\/audio\/Question_55_Spanish.mp3\">Pregunta&nbsp;55 Audio<\/a><\/p>\n\n\n\n<ul class=\"wp-block-list\">\n<li>votar<\/li>\n\n\n\n<li>afiliarse a un partido pol\u00edtico<\/li>\n\n\n\n<li>ayudar en una campa\u00f1a<\/li>\n\n\n\n<li>unirse a un grupo c\u00edvico<\/li>\n\n\n\n<li>unirse a un grupo comunitario<\/li>\n\n\n\n<li>compartir su opini\u00f3n acerca de un asunto con un oficial electo<\/li>\n\n\n\n<li>llamar a los senadores y representantes<\/li>\n\n\n\n<li>apoyar u oponerse p\u00fablicamente a un asunto o pol\u00edtica\u00a0<\/li>\n\n\n\n<li>postularse a un cargo pol\u00edtico<\/li>\n\n\n\n<li>enviar una carta o mensaje a un peri\u00f3dico<\/li>\n<\/ul>\n\n\n\n<p><strong>56. \u00bfCu\u00e1l es la fecha l\u00edmite para enviar la declaraci\u00f3n federal de impuestos sobre ingresos?*<\/strong>&nbsp;<a href=\"https:\/\/www.uscis.gov\/sites\/default\/files\/document\/audio\/Question_56_Spanish.mp3\">Pregunta&nbsp;56 Audio<\/a><\/p>\n\n\n\n<ul class=\"wp-block-list\">\n<li>el 15 de abril<\/li>\n<\/ul>\n\n\n\n<p><strong>57. \u00bfCu\u00e1ndo deben inscribirse todos los hombres en el Servicio Selectivo?<\/strong>&nbsp;<a href=\"https:\/\/www.uscis.gov\/sites\/default\/files\/document\/audio\/Question_57_Spanish.mp3\">Pregunta&nbsp;57 Audio<\/a><\/p>\n\n\n\n<ul class=\"wp-block-list\">\n<li>a la edad de dieciocho (18) a\u00f1os<\/li>\n\n\n\n<li>entre los dieciocho (18) y veintis\u00e9is (26) a\u00f1os de edad<\/li>\n<\/ul>\n\n\n\n<p><strong>HISTORIA ESTADOUNIDENSE<\/strong><\/p>\n\n\n\n<p><strong>A: \u00c9poca colonial e independencia<\/strong><\/p>\n\n\n\n<p><strong>58. \u00bfCu\u00e1l es&nbsp;<u>una<\/u>&nbsp;raz\u00f3n por la que los colonos vinieron a Am\u00e9rica?<\/strong>&nbsp;<a href=\"https:\/\/www.uscis.gov\/sites\/default\/files\/document\/audio\/Question_58_Spanish.mp3\">Pregunta&nbsp;58 Audio<\/a><\/p>\n\n\n\n<ul class=\"wp-block-list\">\n<li>libertad<\/li>\n\n\n\n<li>libertad pol\u00edtica\u00a0<\/li>\n\n\n\n<li>libertad religiosa<\/li>\n\n\n\n<li>oportunidad econ\u00f3mica<\/li>\n\n\n\n<li>para practicar su religi\u00f3n<\/li>\n\n\n\n<li>para huir de la persecuci\u00f3n<\/li>\n<\/ul>\n\n\n\n<p><strong>59. \u00bfQui\u00e9nes viv\u00edan en lo que hoy conocemos como los Estados Unidos antes de la llegada de los europeos?<\/strong>&nbsp;<a href=\"https:\/\/www.uscis.gov\/sites\/default\/files\/document\/audio\/Question_59_Spanish.mp3\">Pregunta&nbsp;59 Audio<\/a><\/p>\n\n\n\n<ul class=\"wp-block-list\">\n<li>Indios americanos<\/li>\n\n\n\n<li>Nativos americanos<\/li>\n<\/ul>\n\n\n\n<p><strong>60. \u00bfQu\u00e9 grupo de personas fue tra\u00eddo a los Estados Unidos y vendidos como esclavos?<\/strong>&nbsp;<a href=\"https:\/\/www.uscis.gov\/sites\/default\/files\/document\/audio\/Question_60_Spanish.mp3\">Pregunta&nbsp;60 Audio<\/a><\/p>\n\n\n\n<ul class=\"wp-block-list\">\n<li>Africanos<\/li>\n\n\n\n<li>gente de \u00c1frica<\/li>\n<\/ul>\n\n\n\n<p><strong>61. \u00bfPor qu\u00e9 lucharon los colonos contra los brit\u00e1nicos?<\/strong>&nbsp;<a href=\"https:\/\/www.uscis.gov\/sites\/default\/files\/document\/audio\/Question_61_Spanish.mp3\">Pregunta&nbsp;61 Audio<\/a><\/p>\n\n\n\n<ul class=\"wp-block-list\">\n<li>debido a los impuestos altos (impuestos sin representaci\u00f3n)\u00a0<\/li>\n\n\n\n<li>el ej\u00e9rcito brit\u00e1nico estaba en sus casas (aloj\u00e1ndose, acuartel\u00e1ndose)<\/li>\n\n\n\n<li>porque no ten\u00edan gobierno propio<\/li>\n<\/ul>\n\n\n\n<p><strong>62. \u00bfQui\u00e9n escribi\u00f3 la Declaraci\u00f3n de Independencia?<\/strong>&nbsp;<a href=\"https:\/\/www.uscis.gov\/sites\/default\/files\/document\/audio\/Question_62_Spanish.mp3\">Pregunta&nbsp;62 Audio<\/a><\/p>\n\n\n\n<ul class=\"wp-block-list\">\n<li>(Thomas) Jefferson<\/li>\n<\/ul>\n\n\n\n<p><strong>63. \u00bfCu\u00e1ndo fue adoptada la Declaraci\u00f3n de Independencia?<\/strong>&nbsp;<a href=\"https:\/\/www.uscis.gov\/sites\/default\/files\/document\/audio\/Question_63_Spanish.mp3\">Pregunta&nbsp;63 Audio<\/a><\/p>\n\n\n\n<ul class=\"wp-block-list\">\n<li>el 4 de julio de 1776<\/li>\n<\/ul>\n\n\n\n<p><strong>64. Hab\u00eda 13 estados originales. Nombre&nbsp;<u>tres<\/u>.<\/strong>&nbsp;<a href=\"https:\/\/www.uscis.gov\/sites\/default\/files\/document\/audio\/Question_64_Spanish.mp3\">Pregunta&nbsp;64 Audio<\/a><\/p>\n\n\n\n<ul class=\"wp-block-list\">\n<li>Nueva Hampshire<\/li>\n\n\n\n<li>Massachusetts<\/li>\n\n\n\n<li>Rhode Island<\/li>\n\n\n\n<li>Connecticut<\/li>\n\n\n\n<li>Nueva York<\/li>\n\n\n\n<li>Nueva Jersey<\/li>\n\n\n\n<li>Pensilvania<\/li>\n\n\n\n<li>Delaware<\/li>\n\n\n\n<li>Maryland<\/li>\n\n\n\n<li>Virginia<\/li>\n\n\n\n<li>Carolina del Norte<\/li>\n\n\n\n<li>Carolina del Sur<\/li>\n\n\n\n<li>Georgia<\/li>\n<\/ul>\n\n\n\n<p><strong>65. \u00bfQu\u00e9 ocurri\u00f3 en la Convenci\u00f3n Constitucional?<\/strong>&nbsp;<a href=\"https:\/\/www.uscis.gov\/sites\/default\/files\/document\/audio\/Question_65_Spanish.mp3\">Pregunta&nbsp;65 Audio<\/a><\/p>\n\n\n\n<ul class=\"wp-block-list\">\n<li>Se redact\u00f3 la Constituci\u00f3n.<\/li>\n\n\n\n<li>Los Padres Fundadores redactaron la Constituci\u00f3n.<\/li>\n<\/ul>\n\n\n\n<p><strong>66. \u00bfCu\u00e1ndo fue redactada la Constituci\u00f3n?<\/strong>&nbsp;<a href=\"https:\/\/www.uscis.gov\/sites\/default\/files\/document\/audio\/Question_66_Spanish.mp3\">Pregunta&nbsp;66 Audio<\/a><\/p>\n\n\n\n<ul class=\"wp-block-list\">\n<li>1787<\/li>\n<\/ul>\n\n\n\n<p><strong>67. Los escritos conocidos como \u201cLos Documentos Federalistas\u201d respaldaron la aprobaci\u00f3n de la Constituci\u00f3n de los Estados Unidos. Nombre uno de sus autores.<\/strong>&nbsp;<a href=\"https:\/\/www.uscis.gov\/sites\/default\/files\/document\/audio\/Question_67_Spanish.mp3\">Pregunta&nbsp;67 Audio<\/a><\/p>\n\n\n\n<ul class=\"wp-block-list\">\n<li>(James) Madison<\/li>\n\n\n\n<li>(Alexander) Hamilton<\/li>\n\n\n\n<li>(John) Jay<\/li>\n\n\n\n<li>Publius<\/li>\n<\/ul>\n\n\n\n<p><strong>68. Mencione&nbsp;<u>una<\/u>&nbsp;raz\u00f3n por la que es famoso Benjamin Franklin.<\/strong>&nbsp;<a href=\"https:\/\/www.uscis.gov\/sites\/default\/files\/document\/audio\/Question_68_Spanish.mp3\">Pregunta&nbsp;68 Audio<\/a><\/p>\n\n\n\n<ul class=\"wp-block-list\">\n<li>diplom\u00e1tico americano<\/li>\n\n\n\n<li>el miembro de mayor edad de la Convenci\u00f3n Constitucional\u00a0<\/li>\n\n\n\n<li>primer Director General de Correos de Estados Unidos<\/li>\n\n\n\n<li>autor de \u201cPoor Richard\u2019s Almanac\u201d (Almanaque del Pobre Richard)<\/li>\n\n\n\n<li>fund\u00f3 las primeras bibliotecas gratuitas<\/li>\n<\/ul>\n\n\n\n<p><strong>69. \u00bfQui\u00e9n se conoce como el&nbsp;\u201cPadre de Nuestra Naci\u00f3n\u201d?<\/strong>&nbsp;<a href=\"https:\/\/www.uscis.gov\/sites\/default\/files\/document\/audio\/Question_69_Spanish.mp3\">Pregunta&nbsp;69 Audio<\/a><\/p>\n\n\n\n<ul class=\"wp-block-list\">\n<li>(George) Washington<\/li>\n<\/ul>\n\n\n\n<p><strong>70. \u00bfQui\u00e9n fue el primer Presidente?*<\/strong>&nbsp;<a href=\"https:\/\/www.uscis.gov\/sites\/default\/files\/document\/audio\/Question_70_Spanish.mp3\">Pregunta&nbsp;70 Audio<\/a><\/p>\n\n\n\n<ul class=\"wp-block-list\">\n<li>(George) Washington<\/li>\n<\/ul>\n\n\n\n<p><strong>B: Los a\u00f1os 1800<\/strong><\/p>\n\n\n\n<p><strong>71. \u00bfQu\u00e9 territorio compr\u00f3 Estados Unidos a Francia en 1803?<\/strong>&nbsp;<a href=\"https:\/\/www.uscis.gov\/sites\/default\/files\/document\/audio\/Question_71_Spanish.mp3\">Pregunta&nbsp;71 Audio<\/a><\/p>\n\n\n\n<ul class=\"wp-block-list\">\n<li>el territorio de Louisiana<\/li>\n\n\n\n<li>Louisiana<\/li>\n<\/ul>\n\n\n\n<p><strong>72. Mencione&nbsp;<u>una<\/u>&nbsp;guerra en la que pele\u00f3 los Estados Unidos durante los a\u00f1os 1800.<\/strong>&nbsp;<a href=\"https:\/\/www.uscis.gov\/sites\/default\/files\/document\/audio\/Question_72_Spanish.mp3\">Pregunta&nbsp;72 Audio<\/a><\/p>\n\n\n\n<ul class=\"wp-block-list\">\n<li>la Guerra de 1812<\/li>\n\n\n\n<li>la Guerra entre M\u00e9xico y los Estados Unidos<\/li>\n\n\n\n<li>la Guerra Civil\u00a0<\/li>\n\n\n\n<li>la Guerra Hispano-Estadounidense (Hispano-americana)<\/li>\n<\/ul>\n\n\n\n<p><strong>73. D\u00e9 el nombre de la guerra entre el Norte y el Sur de los Estados Unidos.<\/strong>&nbsp;<a href=\"https:\/\/www.uscis.gov\/sites\/default\/files\/document\/audio\/Question_73_Spanish.mp3\">Pregunta&nbsp;73 Audio<\/a><\/p>\n\n\n\n<ul class=\"wp-block-list\">\n<li>la Guerra Civil<\/li>\n\n\n\n<li>la Guerra entre los Estados<\/li>\n<\/ul>\n\n\n\n<p><strong>74. Mencione&nbsp;<u>un<\/u>&nbsp;problema que condujo a la Guerra Civil.<\/strong>&nbsp;<a href=\"https:\/\/www.uscis.gov\/sites\/default\/files\/document\/audio\/Question_74_Spanish.mp3\">Pregunta&nbsp;74 Audio<\/a><\/p>\n\n\n\n<ul class=\"wp-block-list\">\n<li>esclavitud<\/li>\n\n\n\n<li>razones econ\u00f3micas<\/li>\n\n\n\n<li>derechos de los estados<\/li>\n<\/ul>\n\n\n\n<p><strong>75. \u00bfCu\u00e1l fue&nbsp;<u>una<\/u>&nbsp;cosa importante que hizo Abraham Lincoln?*<\/strong>&nbsp;<a href=\"https:\/\/www.uscis.gov\/sites\/default\/files\/document\/audio\/Question_75_Spanish.mp3\">Pregunta&nbsp;75 Audio<\/a><\/p>\n\n\n\n<ul class=\"wp-block-list\">\n<li>liber\u00f3 a los esclavos (Proclamaci\u00f3n de la Emancipaci\u00f3n)<\/li>\n\n\n\n<li>salv\u00f3 (o preserv\u00f3) la Uni\u00f3n<\/li>\n\n\n\n<li>presidi\u00f3 los Estados Unidos durante la Guerra Civil<\/li>\n<\/ul>\n\n\n\n<p><strong>76. \u00bfQu\u00e9 hizo la Proclamaci\u00f3n de la Emancipaci\u00f3n?<\/strong>&nbsp;<a href=\"https:\/\/www.uscis.gov\/sites\/default\/files\/document\/audio\/Question_76_Spanish.mp3\">Pregunta&nbsp;76 Audio<\/a><\/p>\n\n\n\n<ul class=\"wp-block-list\">\n<li>liber\u00f3 a los esclavos<\/li>\n\n\n\n<li>liber\u00f3 a los esclavos de la Confederaci\u00f3n<\/li>\n\n\n\n<li>liber\u00f3 a los esclavos en los estados de la Confederaci\u00f3n<\/li>\n\n\n\n<li>liber\u00f3 a los esclavos en la mayor\u00eda de los estados del sur<\/li>\n<\/ul>\n\n\n\n<p><strong>77. \u00bfQu\u00e9 hizo Susan B. Anthony?<\/strong>&nbsp;<a href=\"https:\/\/www.uscis.gov\/sites\/default\/files\/document\/audio\/Question_77_Spanish.mp3\">Pregunta&nbsp;77 Audio<\/a><\/p>\n\n\n\n<ul class=\"wp-block-list\">\n<li>luch\u00f3 por los derechos de la mujer<\/li>\n\n\n\n<li>luch\u00f3 por los derechos civiles<\/li>\n<\/ul>\n\n\n\n<p><strong>C: Historia estadounidense reciente y otra informaci\u00f3n hist\u00f3rica importante<\/strong><\/p>\n\n\n\n<p><strong>78. Mencione&nbsp;<u>una<\/u>&nbsp;guerra durante los a\u00f1os 1900 en la que pele\u00f3 los Estados Unidos.*<\/strong>&nbsp;<a href=\"https:\/\/www.uscis.gov\/sites\/default\/files\/document\/audio\/Question_78_Spanish.mp3\">Pregunta&nbsp;78 Audio<\/a><\/p>\n\n\n\n<ul class=\"wp-block-list\">\n<li>la Primera Guerra Mundial<\/li>\n\n\n\n<li>la Segunda Guerra Mundial<\/li>\n\n\n\n<li>la Guerra de Corea<\/li>\n\n\n\n<li>la Guerra de Vietnam<\/li>\n\n\n\n<li>la Guerra del Golfo (P\u00e9rsico)<\/li>\n<\/ul>\n\n\n\n<p><strong>79. \u00bfQui\u00e9n era el presidente durante la Primera Guerra Mundial?<\/strong>&nbsp;<a href=\"https:\/\/www.uscis.gov\/sites\/default\/files\/document\/audio\/Question_79_Spanish.mp3\">Pregunta&nbsp;79 Audio<\/a><\/p>\n\n\n\n<ul class=\"wp-block-list\">\n<li>(Woodrow) Wilson<\/li>\n<\/ul>\n\n\n\n<p><strong>80. \u00bfQui\u00e9n era presidente durante la Gran Depresi\u00f3n y la Segunda Guerra Mundial?<\/strong>&nbsp;<a href=\"https:\/\/www.uscis.gov\/sites\/default\/files\/document\/audio\/Question_80_Spanish.mp3\">Pregunta&nbsp;80 Audio<\/a><\/p>\n\n\n\n<ul class=\"wp-block-list\">\n<li>(Franklin) Roosevelt<\/li>\n<\/ul>\n\n\n\n<p><strong>81. \u00bfContra qu\u00e9 pa\u00edses pele\u00f3 Estados Unidos en la Segunda Guerra Mundial?<\/strong>&nbsp;<a href=\"https:\/\/www.uscis.gov\/sites\/default\/files\/document\/audio\/Question_81_Spanish.mp3\">Pregunta&nbsp;81 Audio<\/a><\/p>\n\n\n\n<ul class=\"wp-block-list\">\n<li>Jap\u00f3n, Alemania e Italia<\/li>\n<\/ul>\n\n\n\n<p><strong>82. Antes de ser presidente, Eisenhower era general. \u00bfEn qu\u00e9 guerra particip\u00f3?<\/strong>&nbsp;<a href=\"https:\/\/www.uscis.gov\/sites\/default\/files\/document\/audio\/Question_82_Spanish.mp3\">Pregunta&nbsp;82 Audio<\/a><\/p>\n\n\n\n<ul class=\"wp-block-list\">\n<li>Segunda Guerra Mundial<\/li>\n<\/ul>\n\n\n\n<p><strong>83. Durante la Guerra Fr\u00eda, \u00bfcu\u00e1l era la principal preocupaci\u00f3n de los Estados Unidos?<\/strong>&nbsp;<a href=\"https:\/\/www.uscis.gov\/sites\/default\/files\/document\/audio\/Question_83_Spanish.mp3\">Pregunta&nbsp;83 Audio<\/a><\/p>\n\n\n\n<ul class=\"wp-block-list\">\n<li>Comunismo<\/li>\n<\/ul>\n\n\n\n<p><strong>84. \u00bfQu\u00e9 movimiento trat\u00f3 de poner fin a la discriminaci\u00f3n racial?<\/strong>&nbsp;<a href=\"https:\/\/www.uscis.gov\/sites\/default\/files\/document\/audio\/Question_84_Spanish.mp3\">Pregunta&nbsp;84 Audio<\/a><\/p>\n\n\n\n<ul class=\"wp-block-list\">\n<li>(el movimiento de) derechos civiles<\/li>\n<\/ul>\n\n\n\n<p><strong>85. \u00bfQu\u00e9 hizo Martin Luther King, Jr.?*<\/strong>&nbsp;<a href=\"https:\/\/www.uscis.gov\/sites\/default\/files\/document\/audio\/Question_85_Spanish.mp3\">Pregunta&nbsp;85 Audio<\/a><\/p>\n\n\n\n<ul class=\"wp-block-list\">\n<li>luch\u00f3 por los derechos civiles<\/li>\n\n\n\n<li>trabaj\u00f3 por la igualdad de todos los ciudadanos americanos<\/li>\n<\/ul>\n\n\n\n<p><strong>86. \u00bfQu\u00e9 suceso de gran magnitud ocurri\u00f3 el 11 de septiembre de 2001 en los Estados Unidos?<\/strong>&nbsp;<a href=\"https:\/\/www.uscis.gov\/sites\/default\/files\/document\/audio\/Question_86_Spanish.mp3\">Pregunta&nbsp;86 Audio<\/a><\/p>\n\n\n\n<ul class=\"wp-block-list\">\n<li>Terroristas atacaron los Estados Unidos.<\/li>\n<\/ul>\n\n\n\n<p><strong>87. Mencione&nbsp;<u>una<\/u>&nbsp;tribu de indios americanos en los Estados Unidos.<\/strong>&nbsp;<a href=\"https:\/\/www.uscis.gov\/sites\/default\/files\/document\/audio\/Question_87_Spanish.mp3\">Pregunta&nbsp;87 Audio<\/a><\/p>\n\n\n\n<p>[A los oficiales del USCIS se les dar\u00e1 una lista de tribus amerindias reconocidas a nivel federal].<\/p>\n\n\n\n<ul class=\"wp-block-list\">\n<li>Cherokee<\/li>\n\n\n\n<li>Navajo<\/li>\n\n\n\n<li>Sioux<\/li>\n\n\n\n<li>Chippewa<\/li>\n\n\n\n<li>Choctaw<\/li>\n\n\n\n<li>Pueblo<\/li>\n\n\n\n<li>Apache<\/li>\n\n\n\n<li>Iroquois<\/li>\n\n\n\n<li>Creek<\/li>\n\n\n\n<li>Blackfeet<\/li>\n\n\n\n<li>Seminole<\/li>\n\n\n\n<li>Cheyenne<\/li>\n\n\n\n<li>Arawak<\/li>\n\n\n\n<li>Shawnee<\/li>\n\n\n\n<li>Mohegan<\/li>\n\n\n\n<li>Huron<\/li>\n\n\n\n<li>Oneida<\/li>\n\n\n\n<li>Lakota<\/li>\n\n\n\n<li>Crow<\/li>\n\n\n\n<li>Teton<\/li>\n\n\n\n<li>Hopi<\/li>\n\n\n\n<li>Inuit<\/li>\n<\/ul>\n\n\n\n<p><strong>EDUCACI\u00d3N C\u00cdVICA INTEGRADO<\/strong><\/p>\n\n\n\n<p><strong>A: Geograf\u00eda<\/strong><\/p>\n\n\n\n<p><strong>88. Mencione&nbsp;<u>uno<\/u>&nbsp;de los dos r\u00edos m\u00e1s largos en los Estados Unidos.<\/strong>&nbsp;<a href=\"https:\/\/www.uscis.gov\/sites\/default\/files\/document\/audio\/Question_88_Spanish.mp3\">Pregunta&nbsp;88 Audio<\/a><\/p>\n\n\n\n<ul class=\"wp-block-list\">\n<li>(el R\u00edo) Missouri<\/li>\n\n\n\n<li>(el R\u00edo) Mississippi<\/li>\n<\/ul>\n\n\n\n<p><strong>89. \u00bfQu\u00e9 oc\u00e9ano est\u00e1 en la costa oeste de los Estados Unidos?<\/strong>&nbsp;<a href=\"https:\/\/www.uscis.gov\/sites\/default\/files\/document\/audio\/Question_89_Spanish.mp3\">Pregunta&nbsp;89 Audio<\/a><\/p>\n\n\n\n<ul class=\"wp-block-list\">\n<li>(el Oc\u00e9ano) Pac\u00edfico<\/li>\n<\/ul>\n\n\n\n<p><strong>90. \u00bfQu\u00e9 oc\u00e9ano est\u00e1 en la costa este de los Estados Unidos?<\/strong>&nbsp;<a href=\"https:\/\/www.uscis.gov\/sites\/default\/files\/document\/audio\/Question_90_Spanish.mp3\">Pregunta&nbsp;90 Audio<\/a><\/p>\n\n\n\n<ul class=\"wp-block-list\">\n<li>(el Oc\u00e9ano) Atl\u00e1ntico<\/li>\n<\/ul>\n\n\n\n<p><strong>91. D\u00e9 el nombre de&nbsp;<u>un<\/u>&nbsp;territorio de los Estados Unidos.<\/strong>&nbsp;<a href=\"https:\/\/www.uscis.gov\/sites\/default\/files\/document\/audio\/Question_91_Spanish.mp3\">Pregunta&nbsp;91 Audio<\/a><\/p>\n\n\n\n<ul class=\"wp-block-list\">\n<li>Puerto Rico<\/li>\n\n\n\n<li>Islas V\u00edrgenes de Estados Unidos<\/li>\n\n\n\n<li>Samoa Estadounidense<\/li>\n\n\n\n<li>Islas Marianas del Norte<\/li>\n\n\n\n<li>Guam<\/li>\n<\/ul>\n\n\n\n<p><strong>92. Mencione&nbsp;<u>un<\/u>&nbsp;estado que tiene frontera con Canad\u00e1.<\/strong>&nbsp;<a href=\"https:\/\/www.uscis.gov\/sites\/default\/files\/document\/audio\/Question_92_Spanish.mp3\">Pregunta&nbsp;92 Audio<\/a><\/p>\n\n\n\n<ul class=\"wp-block-list\">\n<li>Maine<\/li>\n\n\n\n<li>Nueva Hampshire<\/li>\n\n\n\n<li>Vermont<\/li>\n\n\n\n<li>Nueva York<\/li>\n\n\n\n<li>Pensilvania<\/li>\n\n\n\n<li>Ohio<\/li>\n\n\n\n<li>Michigan<\/li>\n\n\n\n<li>Minnesota<\/li>\n\n\n\n<li>Dakota del Norte<\/li>\n\n\n\n<li>Montana<\/li>\n\n\n\n<li>Idaho<\/li>\n\n\n\n<li>Washington<\/li>\n\n\n\n<li>Alaska<\/li>\n<\/ul>\n\n\n\n<p><strong>93. Mencione&nbsp;<u>un<\/u>&nbsp;estado que tiene frontera con M\u00e9xico.<\/strong>&nbsp;<a href=\"https:\/\/www.uscis.gov\/sites\/default\/files\/document\/audio\/Question_93_Spanish.mp3\">Pregunta&nbsp;93 Audio<\/a><\/p>\n\n\n\n<ul class=\"wp-block-list\">\n<li>California<\/li>\n\n\n\n<li>Arizona<\/li>\n\n\n\n<li>Nuevo M\u00e9xico<\/li>\n\n\n\n<li>Texas<\/li>\n<\/ul>\n\n\n\n<p><strong>94. \u00bfCu\u00e1l es la capital de los Estados Unidos?*<\/strong>&nbsp;<a href=\"https:\/\/www.uscis.gov\/sites\/default\/files\/document\/audio\/Question_94_Spanish.mp3\">Pregunta&nbsp;94 Audio<\/a><\/p>\n\n\n\n<ul class=\"wp-block-list\">\n<li>Washington, D.C.<\/li>\n<\/ul>\n\n\n\n<p><strong>95. \u00bfD\u00f3nde est\u00e1 la Estatua de la Libertad?*<\/strong>&nbsp;<a href=\"https:\/\/www.uscis.gov\/sites\/default\/files\/document\/audio\/Question_95_Spanish.mp3\">Pregunta&nbsp;95 Audio<\/a><\/p>\n\n\n\n<ul class=\"wp-block-list\">\n<li>(el puerto de) Nueva York<\/li>\n\n\n\n<li>Liberty Island<\/li>\n<\/ul>\n\n\n\n<p>[Otras respuestas aceptables son Nueva Jersey, cerca de la Ciudad de Nueva York y (el R\u00edo) Hudson].<\/p>\n\n\n\n<p><strong>B: S\u00edmbolos<\/strong><\/p>\n\n\n\n<p><strong>96. \u00bfPor qu\u00e9 hay 13 franjas en la bandera?<\/strong>&nbsp;<a href=\"https:\/\/www.uscis.gov\/sites\/default\/files\/document\/audio\/Question_96_Spanish.mp3\">Pregunta&nbsp;96 Audio<\/a><\/p>\n\n\n\n<ul class=\"wp-block-list\">\n<li>porque representan las 13 colonias originales<\/li>\n\n\n\n<li>porque las franjas representan las colonias originales<\/li>\n<\/ul>\n\n\n\n<p><strong>97. \u00bfPor qu\u00e9 hay 50 estrellas en la bandera?*<\/strong>&nbsp;<a href=\"https:\/\/www.uscis.gov\/sites\/default\/files\/document\/audio\/Question_97_Spanish.mp3\">Pregunta&nbsp;97 Audio<\/a><\/p>\n\n\n\n<ul class=\"wp-block-list\">\n<li>porque hay una estrella por cada estado<\/li>\n\n\n\n<li>porque cada estrella representa un estado<\/li>\n\n\n\n<li>porque hay 50 estados<\/li>\n<\/ul>\n\n\n\n<p><strong>98. \u00bfC\u00f3mo se llama el himno nacional?<\/strong>&nbsp;<a href=\"https:\/\/www.uscis.gov\/sites\/default\/files\/document\/audio\/Question_98_Spanish.mp3\">Pregunta&nbsp;98 Audio<\/a><\/p>\n\n\n\n<ul class=\"wp-block-list\">\n<li>The Star-Spangled Banner<\/li>\n<\/ul>\n\n\n\n<p><strong>C: D\u00edas feriados<\/strong><\/p>\n\n\n\n<p><strong>99. \u00bfCu\u00e1ndo celebramos el D\u00eda de la Independencia?*<\/strong>&nbsp;<a href=\"https:\/\/www.uscis.gov\/sites\/default\/files\/document\/audio\/Question_99_Spanish.mp3\">Pregunta&nbsp;99 Audio<\/a><\/p>\n\n\n\n<ul class=\"wp-block-list\">\n<li>el 4 de julio<\/li>\n<\/ul>\n\n\n\n<p><strong>100. Mencione&nbsp;<u>dos<\/u>&nbsp;d\u00edas feriados nacionales de los Estados Unidos<\/strong>.&nbsp;<a href=\"https:\/\/www.uscis.gov\/sites\/default\/files\/document\/audio\/Question_100_Spanish.mp3\">Pregunta&nbsp;100 Audio<\/a><\/p>\n\n\n\n<ul class=\"wp-block-list\">\n<li>el D\u00eda de A\u00f1o Nuevo<\/li>\n\n\n\n<li>el D\u00eda de Martin Luther King, Jr.<\/li>\n\n\n\n<li>el D\u00eda de los Presidentes<\/li>\n\n\n\n<li>el D\u00eda de la Recordaci\u00f3n<\/li>\n\n\n\n<li>el D\u00eda de la Independencia<\/li>\n\n\n\n<li>el D\u00eda del Trabajo<\/li>\n\n\n\n<li>el D\u00eda de la Raza (Crist\u00f3bal Col\u00f3n)<\/li>\n\n\n\n<li>el D\u00eda de los Veteranos<\/li>\n\n\n\n<li>el D\u00eda de Acci\u00f3n de Gracias<\/li>\n\n\n\n<li>el D\u00eda de Navidad<\/li>\n<\/ul>\n\n\n\n<p>Last Reviewed\/Updated:<\/p>\n\n\n\n<p>11\/13\/2020<\/p>\n","protected":false},"excerpt":{"rendered":"<p>100 Civics Questions and Answers with MP3 Audio (Spanish version) Preguntas de educaci\u00f3n c\u00edvica del Examen de Naturalizaci\u00f3n<\/p>\n","protected":false},"author":1,"featured_media":0,"parent":0,"menu_order":0,"comment_status":"closed","ping_status":"closed","template":"","meta":{"pagelayer_contact_templates":[],"_pagelayer_content":"","footnotes":""},"class_list":["post-4","page","type-page","status-publish","hentry"],"_links":{"self":[{"href":"https:\/\/esl.institute\/usacitizenship\/wp-json\/wp\/v2\/pages\/4","targetHints":{"allow":["GET"]}}],"collection":[{"href":"https:\/\/esl.institute\/usacitizenship\/wp-json\/wp\/v2\/pages"}],"about":[{"href":"https:\/\/esl.institute\/usacitizenship\/wp-json\/wp\/v2\/types\/page"}],"author":[{"embeddable":true,"href":"https:\/\/esl.institute\/usacitizenship\/wp-json\/wp\/v2\/users\/1"}],"replies":[{"embeddable":true,"href":"https:\/\/esl.institute\/usacitizenship\/wp-json\/wp\/v2\/comments?post=4"}],"version-history":[{"count":1,"href":"https:\/\/esl.institute\/usacitizenship\/wp-json\/wp\/v2\/pages\/4\/revisions"}],"predecessor-version":[{"id":6,"href":"https:\/\/esl.institute\/usacitizenship\/wp-json\/wp\/v2\/pages\/4\/revisions\/6"}],"wp:attachment":[{"href":"https:\/\/esl.institute\/usacitizenship\/wp-json\/wp\/v2\/media?parent=4"}],"curies":[{"name":"wp","href":"https:\/\/api.w.org\/{rel}","templated":true}]}}